{"id":804,"date":"2023-07-19T23:21:20","date_gmt":"2023-07-19T21:21:20","guid":{"rendered":"http:\/\/www.severka.online\/?page_id=804"},"modified":"2025-02-11T22:23:30","modified_gmt":"2025-02-11T21:23:30","slug":"na-poslednom-vandri","status":"publish","type":"page","link":"https:\/\/www.severka.online\/index.php\/aktuality\/na-poslednom-vandri\/","title":{"rendered":"Na poslednom vandri &#8211; R\u00fabe sa v na\u0161om lese"},"content":{"rendered":"<p>od roku 2021 zara\u010fujeme \u00famrtia kamar\u00e1tov <a href=\"https:\/\/www.severka.online\/index.php\/events\/calendar\/umrtia\/\"><strong>do kalend\u00e1ra<\/strong><\/a> pod\u013ea jednotliv\u00fdch d\u00e1tumov<\/p>\n<hr \/>\n<hr \/>\n<p>star\u0161ie tu:<\/p>\n<hr \/>\n<p><strong>Du\u0161an \u201eRingo\u201c Pavl\u00edk<br \/>\n<\/strong>(19. 11. 1947 \u2013 3. 1. 2021)<\/p>\n<p><strong><em><img loading=\"lazy\" decoding=\"async\" class=\"alignleft wp-image-5118\" src=\"https:\/\/www.severka.online\/wp-content\/uploads\/2021\/01_ringo\/00_ringo_t.jpg\" sizes=\"auto, (max-width: 300px) 100vw, 300px\" srcset=\"https:\/\/www.severka.online\/wp-content\/uploads\/2021\/01_ringo\/00_ringo_t.jpg 300w, https:\/\/www.severka.online\/wp-content\/uploads\/2021\/01_ringo\/00_ringo_t-150x113.jpg 150w\" alt=\"\" width=\"200\" height=\"150\" \/><img loading=\"lazy\" decoding=\"async\" class=\"alignleft wp-image-5133\" src=\"https:\/\/www.severka.online\/wp-content\/uploads\/2021\/01_ringo\/tripramene-300x267.gif\" alt=\"\" width=\"169\" height=\"150\" srcset=\"https:\/\/www.severka.online\/wp-content\/uploads\/2021\/01_ringo\/tripramene-300x267.gif 300w, https:\/\/www.severka.online\/wp-content\/uploads\/2021\/01_ringo\/tripramene-150x133.gif 150w\" sizes=\"auto, (max-width: 169px) 100vw, 169px\" \/>Opustil si n\u00e1s Ringo,\u00a0kamar\u00e1t, tramp, vod\u00e1k, muzikant, \u010dlen <a href=\"http:\/\/trampnet.sk\/osady\/t\/tri_pramene\/tri_pramene.htm\" target=\"_blank\" rel=\"noopener\">T.O. Tri pramene<\/a>, \u010destn\u00fd \u010dlen T.O. Pohoda, zakladaj\u00faci \u010dlen kapely <a href=\"http:\/\/www.pekaringo.sk\/\" target=\"_blank\" rel=\"noopener\">Pekaringo<\/a>.<br \/>\n<\/em><\/strong><strong><em>Opustil si n\u00e1s r\u00e1no 3. janu\u00e1ra, ne\u010dakane. O to viac je to krut\u00e9.<br \/>\n<\/em><\/strong><strong><em>Bol\u00a0si mi viac ne\u017e kamar\u00e1t. <\/em><\/strong><\/p>\n<p><a href=\"https:\/\/www.severka.online\/index.php\/2021\/01\/04\/ringo-kamarat-tramp-vodak-muzikant\/\"><em>viac v \u010dl\u00e1nku<\/em><\/a><\/p>\n<hr \/>\n<p><strong><img loading=\"lazy\" decoding=\"async\" class=\"alignleft wp-image-4882\" src=\"https:\/\/www.severka.online\/wp-content\/uploads\/2020\/08_pampuch\/pampuch.jpg\" alt=\"\" width=\"157\" height=\"210\" srcset=\"https:\/\/www.severka.online\/wp-content\/uploads\/2020\/08_pampuch\/pampuch.jpg 220w, https:\/\/www.severka.online\/wp-content\/uploads\/2020\/08_pampuch\/pampuch-112x150.jpg 112w, https:\/\/www.severka.online\/wp-content\/uploads\/2020\/08_pampuch\/pampuch-150x200.jpg 150w\" sizes=\"auto, (max-width: 157px) 100vw, 157px\" \/><img loading=\"lazy\" decoding=\"async\" class=\"size-full wp-image-4887 alignleft\" src=\"https:\/\/www.severka.online\/wp-content\/uploads\/2020\/08_pampuch\/game_farm_odzn.gif\" alt=\"\" width=\"170\" height=\"210\" \/>Peter &#8222;Pamp\u00fach&#8220; Zjavka<br \/>\n(8 .4. 1956 &#8211; 2. 8 .2020)<\/strong><\/p>\n<p>Ob\u010das tla\u010d\u00edme svoju \u017eivotn\u00fa k\u00e1ru po rovine, ob\u010das dolu brie\u017ekom, zv\u00e4\u010d\u0161a do kop\u010diska. Nikdy nevieme, ak\u00fd dlh\u00fd, \u010di strm\u00fd stup\u00e1k n\u00e1s \u010dak\u00e1. Kamar\u00e1t Pamp\u00fach z TO Game Farm ten svoj posledn\u00fd nevy\u0161\u013eapal. Na osade, v pr\u00edtomnosti man\u017eelky, osadn\u00edkov vo veku 64 rokov, vyd\u00fdchol naposledy.<\/p>\n<p><a href=\"https:\/\/www.severka.online\/index.php\/2020\/08\/13\/ahoj-pampuch\/\"><em>viac v \u010dl\u00e1nku<\/em><\/a><\/p>\n<hr \/>\n<p><strong>T.O. Severka (Star\u00e1 \u013dubov\u0148a) oznamuje<\/strong><\/p>\n<p><strong><a href=\"https:\/\/www.severka.online\/wp-content\/uploads\/2020\/oznamy\/ela_sipka_.jpg\"><img loading=\"lazy\" decoding=\"async\" class=\"size-medium wp-image-4657 alignleft\" src=\"https:\/\/www.severka.online\/wp-content\/uploads\/2020\/oznamy\/ela_sipka_-237x300.jpg\" alt=\"\" width=\"237\" height=\"300\" \/><\/a>Eulalia \u201eEla\u201c \u0160tefanov\u00e1 (13. 7. 1956 \u2013 19. 3. 2020)<\/strong><\/p>\n<p>p\u00f4sobila ako dobrovo\u013en\u00ed\u010dka, nesk\u00f4r profesion\u00e1lna pracovn\u00ed\u010dka a odborn\u00ed\u010dka v oblasti ochrany pr\u00edrody a tvorby \u017eivotn\u00e9ho prostredia, ale aj na poli environment\u00e1lnej v\u00fdchovy v Humennom a Starej \u013dubovni. Bola dlhoro\u010dnou priate\u013ekou T.O. Severka (Star\u00e1 \u013dubov\u0148a), \u010dlenovia s\u00a0\u0148ou absolvovali mno\u017estvo ekologick\u00fdch akci\u00ed, aj t\u00e1borov ochrancov pr\u00edrody. Elu ste mohli stretn\u00fa\u0165 na na\u0161om starom fleku na Baranidle, na Stretnutiach t\u00falav\u00fdch du\u0161\u00ed, aj na neskor\u0161\u00edch v\u00fdro\u010dn\u00fdch oh\u0148och. Po 25. v\u00fdro\u010dnom ohni (2015) Ela a Rop\u00e1k\u00a0 vyjadrili z\u00e1ujem sta\u0165 sa \u010dlenmi T.O. Severka (SL) a stali sa \u010dakate\u013emi. Mali by\u0165 prijat\u00ed v r. 2020\u00a0 na potlachu k 30. v\u00fdro\u010diu vzniku osady&#8230;<\/p>\n<p><strong>\u0160tefan \u201e\u0160ipka\u201c Regec (20. 4. 1957 \u2013 24. 4. 2020)<\/strong><\/p>\n<p>Na osadn\u00fdch akci\u00e1ch bol v\u00e4\u010d\u0161inou t\u00fdm pracantom, ktor\u00fd mal v\u00a0ruke p\u00edlu, \u010di sekeru. Z\u00e1bavu ve\u013emi nerobil, ale dok\u00e1zal si ju u\u017e\u00edva\u0165. Aj ke\u010f do osady vst\u00fapil a\u017e v\u00a0roku 2007, ka\u017ed\u00e9mu ostane v\u00a0pam\u00e4ti v\u00a0neodmyslite\u013enej ko\u017eu\u0161inovej veste, \u010dasto na holom tele a\u00a0ve\u010dne rozviazan\u00fdmi kanadami.<br \/>\nU\u017e dochodil \u2013 s\u00a0batohom aj slu\u017eobnou po\u0161t\u00e1rskou kapsou.<\/p>\n<p><em>za osadu &#8211; \u0161erif Lucky &amp; D\u2019Ady<\/em><\/p>\n<h6><strong>na fotke \u0160ipka a Ela pri 18. v\u00fdro\u010dnom ohni osady (Legnava, 2008)<\/strong><\/h6>\n<hr \/>\n<p><strong>4.12.2019<\/strong><\/p>\n<p><a href=\"https:\/\/www.severka.online\/wp-content\/uploads\/2019\/oznamy\/hombre_1950-2019.jpg\"><img loading=\"lazy\" decoding=\"async\" class=\"wp-image-4266 alignleft\" src=\"https:\/\/www.severka.online\/wp-content\/uploads\/2019\/oznamy\/hombre_1950-2019.jpg\" alt=\"\" width=\"200\" height=\"150\" srcset=\"https:\/\/www.severka.online\/wp-content\/uploads\/2019\/oznamy\/hombre_1950-2019.jpg 960w, https:\/\/www.severka.online\/wp-content\/uploads\/2019\/oznamy\/hombre_1950-2019-267x200.jpg 267w, https:\/\/www.severka.online\/wp-content\/uploads\/2019\/oznamy\/hombre_1950-2019-768x576.jpg 768w, https:\/\/www.severka.online\/wp-content\/uploads\/2019\/oznamy\/hombre_1950-2019-150x113.jpg 150w\" sizes=\"auto, (max-width: 200px) 100vw, 200px\" \/><\/a>Milan Pavl\u00edk &#8211; Hombre (*1950 &#8211; \u20204.12.2019)<\/p>\n<p>\u010clen druhej gener\u00e1cie <a href=\"http:\/\/hombre.tramp-archivy.cz\/index.php\" target=\"_blank\" rel=\"noopener noreferrer\">T.O. Riverside<\/a> sa ako po\u010d\u00edta\u010dov\u00fd program\u00e1tor\u00a0 anga\u017eoval v aktivit\u00e1ch okolo <a href=\"http:\/\/tramp-archivy.cz\/web\/index.php\" target=\"_blank\" rel=\"noopener noreferrer\">arch\u00edvov v kruhu kamar\u00e1tov K.F.T.P.<\/a> Okrem toho p\u00edsal poviedky, po\u00e9ziu, historick\u00e9 aj <a href=\"http:\/\/kftp.cz\/index.php?option=com_content&amp;view=article&amp;id=105:uvod-do-sociologie-trampingu&amp;catid=33&amp;Itemid=79\" target=\"_blank\" rel=\"noopener noreferrer\">filozofick\u00e9 \u010dl\u00e1nky o trampingu<\/a>.<br \/>\nBol \u010dlenom tzv. Trampskej konferencie (1999), prv\u00e9ho spolo\u010denstva trampov, ktor\u00ed sa spoznali cez internet, ale nesk\u00f4r sa aj stret\u00e1vali pri oh\u0148och v r\u00f4znych k\u00fatoch \u010ciech a Slovenska.<\/p>\n<p><strong><em>Na\u010d v\u0161echna slova,<\/em><\/strong><br \/>\n<strong><em>jak se zvou&#8230;<\/em><\/strong><br \/>\n<strong><em>Jen \u010dern\u00e1 k\u0159\u00eddla mot\u00fdl\u00ed<\/em><\/strong><br \/>\n<strong><em>na hran\u00e1ch noc\u00ed<\/em><\/strong><br \/>\n<strong><em>steskem \u0159vou.<\/em><\/strong><br \/>\n<strong><em>Samet sv\u00fdch spl\u00edn\u016f<\/em><\/strong><br \/>\n<strong><em>za sebou.<\/em><\/strong><br \/>\n<strong><em>Osud se nikdy nem\u00fdl\u00ed.<\/em><\/strong><br \/>\n<strong><em>To na\u0161e sny<\/em><\/strong><br \/>\n<strong><em>n\u00e1m n\u011bkdy l\u017eou&#8230;<\/em><\/strong><br \/>\n<strong><em>P\u0159edstavy dn\u016f,<\/em><\/strong><br \/>\n<strong><em>v nich\u017e st\u00edny zvou,<\/em><\/strong><br \/>\n<strong><em>v temnot\u00e1ch noci ze\u0161\u00edl\u00ed&#8230;<\/em><\/strong><br \/>\n<strong><em>Smutek v\u0161ech spl\u00edn\u016f<\/em><\/strong><br \/>\n<strong><em>v ko\u0161ili<\/em><\/strong><br \/>\n<strong><em>z de\u0161\u0165ov\u00fdch kapek,<\/em><\/strong><br \/>\n<strong><em>bloud\u00ed tmou&#8230;<\/em><\/strong><\/p>\n<hr \/>\n<p><strong>26.8.2019<\/strong><\/p>\n<p><a href=\"https:\/\/www.severka.online\/index.php\/2019\/09\/09\/vladimir-male-vajco-pinkerton-domes\/\"><img loading=\"lazy\" decoding=\"async\" class=\"alignleft wp-image-3663\" src=\"https:\/\/www.severka.online\/wp-content\/uploads\/2019\/08_pinkerton\/01_mvpinkerton.jpg\" alt=\"\" width=\"146\" height=\"200\" srcset=\"https:\/\/www.severka.online\/wp-content\/uploads\/2019\/08_pinkerton\/01_mvpinkerton.jpg 213w, https:\/\/www.severka.online\/wp-content\/uploads\/2019\/08_pinkerton\/01_mvpinkerton-146x200.jpg 146w, https:\/\/www.severka.online\/wp-content\/uploads\/2019\/08_pinkerton\/01_mvpinkerton-109x150.jpg 109w, https:\/\/www.severka.online\/wp-content\/uploads\/2019\/08_pinkerton\/01_mvpinkerton-150x206.jpg 150w\" sizes=\"auto, (max-width: 146px) 100vw, 146px\" \/><\/a>Vladim\u00edr \u201eMal\u00e9 Vajco \u2013 Pinkerton\u201c Domes (*26. 4. 1922 &#8211; \u202026. 8. 2019)<\/p>\n<p>Pod prez\u00fdvkou Mal\u00e9 Vajco &#8211; Pinkerton bol od svojich chlap\u010densk\u00fdch rokov \u010dlenom v\u00fdznamn\u00fdch bratislavsk\u00fdch trampsk\u00fdch os\u00e1d: Z\u00e1les\u00e1k, El cormorane del Tortuga a\u00a0Yucatan, ktorej sa nesk\u00f4r stal \u0161erifom.<br \/>\nAko ved\u00faca osobnos\u0165 Old boys bol jedn\u00fdm zo zakladate\u013eov Tramp clubu Bratislava. Bol medzi prv\u00fdmi slovensk\u00fdmi trampami, ktor\u00ed dostali Hawkinsovu placku.<br \/>\n<a href=\"https:\/\/www.severka.online\/index.php\/2019\/09\/09\/vladimir-male-vajco-pinkerton-domes\/\">viac v \u010dl\u00e1nku<\/a><\/p>\n<hr \/>\n<p><strong>3.6.2019<\/strong><\/p>\n<p><img loading=\"lazy\" decoding=\"async\" class=\"alignnone size-full wp-image-3342\" src=\"https:\/\/www.severka.online\/wp-content\/uploads\/2019\/oznamy\/tetka_parte.jpg\" alt=\"\" width=\"1019\" height=\"720\" srcset=\"https:\/\/www.severka.online\/wp-content\/uploads\/2019\/oznamy\/tetka_parte.jpg 1019w, https:\/\/www.severka.online\/wp-content\/uploads\/2019\/oznamy\/tetka_parte-283x200.jpg 283w, https:\/\/www.severka.online\/wp-content\/uploads\/2019\/oznamy\/tetka_parte-768x543.jpg 768w, https:\/\/www.severka.online\/wp-content\/uploads\/2019\/oznamy\/tetka_parte-150x106.jpg 150w\" sizes=\"auto, (max-width: 1019px) 100vw, 1019px\" \/><\/p>\n<p><a name=\"pekelnik\"><\/a><\/p>\n<hr \/>\n<p><strong>28.5.2019<\/strong><\/p>\n<p>Pekeln\u00edk &#8211; Jozef Karol Zelner (* 5.3.1947 &#8211; \u2020 28.5.2019)<\/p>\n<p>Trampsk\u00fd archiv\u00e1r a historik, prev\u00e1dzkovate\u013e port\u00e1lu <a href=\"http:\/\/www.trampnet.sk\" target=\"_blank\" rel=\"noopener noreferrer\">TRAMPNET<\/a>, \u010dlen <a href=\"http:\/\/www.trampnet.sk\/osady\/h\/hay_river\/hay_river.htm\" target=\"_blank\" rel=\"noopener noreferrer\">T.O. Hay River<\/a> (BA, 1963). V roku 2004 bol ocenen\u00fd <a href=\"http:\/\/www.trampnet.sk\/dejiny\/hawkinsove_ocenenia\/hawkins_galeria.htm\" target=\"_blank\" rel=\"noopener noreferrer\">Hawkinsovou plackou<\/a>. V roku 2010 bol v \u010dasopise \u017divot uverejnen\u00fd <a href=\"https:\/\/zivot.pluska.sk\/clanok\/8298\/pekelnik-zostavil-kroniku-o-slovenskych-trampskych-osadach\" target=\"_blank\" rel=\"noopener noreferrer\">\u010dl\u00e1nok o jeho pr\u00e1ci<\/a> na Kronike trampsk\u00fdch os\u00e1d. V rokoch 2010-2012 bol Old \u0161erifom Tramp clubu Bratislava.<\/p>\n<p><a href=\"https:\/\/www.severka.online\/wp-content\/uploads\/2019\/oznamy\/hay_river.gif\"><img loading=\"lazy\" decoding=\"async\" class=\"alignnone wp-image-968 size-full\" src=\"https:\/\/www.severka.online\/wp-content\/uploads\/2019\/oznamy\/hay_river.gif\" alt=\"T.O. HAY RIVER\" width=\"170\" height=\"171\" \/><\/a><a href=\"https:\/\/www.severka.online\/wp-content\/uploads\/2019\/oznamy\/pekelnik.jpg\"> <img loading=\"lazy\" decoding=\"async\" class=\"alignnone wp-image-973\" src=\"https:\/\/www.severka.online\/wp-content\/uploads\/2019\/oznamy\/pekelnik-300x230.jpg\" alt=\"Pekeln\u00edk - Jozef Zelner (zdroj: Miro Miklas, zivot.pluska.sk, 2010)\" width=\"221\" height=\"170\" \/><\/a><\/p>\n<hr \/>\n<p><strong>15.5.2019<\/strong><\/p>\n<p>Frenky &#8211; Richard Bodl\u00e1k (* 4.6.1969 &#8211; \u2020 15.5.2019)<br \/>\n\u010clen <a href=\"http:\/\/www.t.o.yukon.szm.com\/yukon_mapastr.htm\">T.O. Yukon<\/a> (Bratislava, 1984) a Trampsk\u00e9ho zdru\u017eenia BA-ZA (Bratislava-Z\u00e1horie), admin port\u00e1lu <a href=\"http:\/\/www.ahojahoj.szm.com\/\">ahoj-ahoj <\/a><\/p>\n<p><a href=\"https:\/\/www.severka.online\/wp-content\/uploads\/2019\/oznamy\/frenky_.jpg\"><img loading=\"lazy\" decoding=\"async\" class=\"alignnone wp-image-919\" src=\"https:\/\/www.severka.online\/wp-content\/uploads\/2019\/oznamy\/frenky_.jpg\" alt=\"\" width=\"153\" height=\"200\" srcset=\"https:\/\/www.severka.online\/wp-content\/uploads\/2019\/oznamy\/frenky_.jpg 552w, https:\/\/www.severka.online\/wp-content\/uploads\/2019\/oznamy\/frenky_-153x200.jpg 153w, https:\/\/www.severka.online\/wp-content\/uploads\/2019\/oznamy\/frenky_-115x150.jpg 115w, https:\/\/www.severka.online\/wp-content\/uploads\/2019\/oznamy\/frenky_-150x196.jpg 150w\" sizes=\"auto, (max-width: 153px) 100vw, 153px\" \/><\/a><\/p>\n<hr \/>\n<p><strong>3.4.2019<\/strong><\/p>\n<p>Fr\u0148\u00e1k &#8211; Stanislav Fr\u0148ka (* 17.5.1950 &#8211; \u2020 31.3.2019)<br \/>\n3.apr\u00edla 2019 sme sa na cintor\u00edne v Martine naposledy rozl\u00fa\u010dili s kamar\u00e1tom Stanislavom Fr\u0148kom \u2013 FR\u0147\u00c1KOM, \u010dlenom\u00a0 jednej z najstar\u0161\u00edch tur\u010dianskych trampsk\u00fdch os\u00e1d (ak nie najstar\u0161ej), T.O. Gadersk\u00e1 Ascalona.<\/p>\n<p><a href=\"https:\/\/www.severka.online\/wp-content\/uploads\/frnak_gascalona.jpg\"><img loading=\"lazy\" decoding=\"async\" class=\"alignnone wp-image-826\" src=\"https:\/\/www.severka.online\/wp-content\/uploads\/frnak_gascalona-261x300.jpg\" alt=\"T.O. Gadersk\u00e1 Ascalona\" width=\"174\" height=\"200\" \/><\/a> <a href=\"https:\/\/www.severka.online\/wp-content\/uploads\/frnak.jpg\"><img loading=\"lazy\" decoding=\"async\" class=\"alignnone wp-image-825\" src=\"https:\/\/www.severka.online\/wp-content\/uploads\/frnak-300x247.jpg\" alt=\"Fr\u0148\u00e1k\" width=\"243\" height=\"200\" \/><\/a><\/p>\n<hr \/>\n<p><strong>25.1.2019<\/strong><\/p>\n<p>V piatok 25.1.2019 sme sa na vr\u00fatockom cintor\u00edne rozl\u00fa\u010dili s kamar\u00e1tkou Bl\u0161kou (Bo\u017eena Androvi\u010dov\u00e1, 23.3.1963 &#8211; 21.1.2019), niekdaj\u0161ou \u0161erifkou vr\u00fatockej T.O.Dostavn\u00edk. R.I.P.<\/p>\n<p><a href=\"https:\/\/www.severka.online\/wp-content\/uploads\/2019\/oznamy\/dostavnik_vlajka.png\"><img loading=\"lazy\" decoding=\"async\" class=\"alignnone wp-image-559\" title=\"T.O. Dostavn\u00edk, vlajka\" src=\"https:\/\/www.severka.online\/wp-content\/uploads\/2019\/oznamy\/dostavnik_vlajka-221x300.png\" alt=\"T.O. Dostavn\u00edk, vlajka\" width=\"148\" height=\"200\" \/><\/a> <a href=\"https:\/\/www.severka.online\/wp-content\/uploads\/2019\/oznamy\/blska_w.jpg\"><img loading=\"lazy\" decoding=\"async\" class=\"alignnone wp-image-586\" title=\"Bl\u0161ka\" src=\"https:\/\/www.severka.online\/wp-content\/uploads\/2019\/oznamy\/blska_w-225x300.jpg\" alt=\"Bl\u0161ka\" width=\"150\" height=\"200\" \/><\/a><\/p>\n<hr \/>\n<p><strong>21.1.2019<\/strong><br \/>\nRichard \u0160ebe\u010dek &#8211; Marshall (*1929) zo Zl\u00edna sa odobral na svoju najdlh\u0161iu cestu. Jeho stopy s\u00fa otla\u010den\u00e9 v prachu a blate viac ako 40000 km eur\u00f3pskych chodn\u00edkov &#8211; \u010di u\u017e to bola stredn\u00e1 Eur\u00f3pa, Balk\u00e1n, z\u00e1padn\u00e1 Eur\u00f3pa, Pyrenejsk\u00fd a Apeninsk\u00fd polostrov alebo \u0160kandin\u00e1via&#8230; Jeho profil sme uverejnili v Severke \u010d. 2\/2004.<\/p>\n<p><a href=\"https:\/\/www.severka.online\/wp-content\/uploads\/2019\/oznamy\/marshall1a.jpg\"><img loading=\"lazy\" decoding=\"async\" class=\"alignnone size-full wp-image-557\" src=\"https:\/\/www.severka.online\/wp-content\/uploads\/2019\/oznamy\/marshall1b.jpg\" alt=\"\" width=\"129\" height=\"163\" srcset=\"https:\/\/www.severka.online\/wp-content\/uploads\/2019\/oznamy\/marshall1b.jpg 129w, https:\/\/www.severka.online\/wp-content\/uploads\/2019\/oznamy\/marshall1b-119x150.jpg 119w\" sizes=\"auto, (max-width: 129px) 100vw, 129px\" \/><\/a><\/p>\n<hr \/>\n<p><strong>5.1.2019<\/strong><br \/>\n<span id=\"fbPhotoSnowliftCaption\" class=\"fbPhotosPhotoCaption\" tabindex=\"0\" data-ft=\"{&quot;tn&quot;:&quot;K&quot;}\"><span class=\"hasCaption\">Z Ko\u0161\u00edc dorazila smutn\u00e1 spr\u00e1va o \u00famrt\u00ed legendy ko\u0161ick\u00e9ho trampingu <a href=\"https:\/\/www.severka.online\/index.php\/2019\/01\/12\/samotar-jim-1943-2019\/\">Samot\u00e1ra Jima<\/a> (Kliment Kis, *1943)<\/span><\/span><\/p>\n<p><a href=\"https:\/\/www.severka.online\/wp-content\/uploads\/2019\/w_samotarjim-e1546801450714.jpg\"><img loading=\"lazy\" decoding=\"async\" class=\"alignnone wp-image-90\" src=\"https:\/\/www.severka.online\/wp-content\/uploads\/2019\/w_samotarjim-e1546801450714-300x225.jpg\" alt=\"\" width=\"200\" height=\"150\" \/><\/a><\/p>\n<p><span style=\"border-radius: 2px; text-indent: 20px; width: auto; padding: 0px 4px 0px 0px; text-align: center; font: bold 11px\/20px 'Helvetica Neue',Helvetica,sans-serif; color: #ffffff; background: #bd081c no-repeat scroll 3px 50% \/ 14px 14px; position: absolute; opacity: 1; z-index: 8675311; display: none; cursor: pointer; top: 336px; left: 29px;\">Ulo\u017ei\u0165<\/span><\/p>\n<p><span style=\"border-radius: 2px; text-indent: 20px; width: auto; padding: 0px 4px 0px 0px; text-align: center; font: bold 11px\/20px 'Helvetica Neue',Helvetica,sans-serif; color: #ffffff; background: #bd081c no-repeat scroll 3px 50% \/ 14px 14px; position: absolute; opacity: 1; z-index: 8675311; display: none; cursor: pointer; top: 327px; left: 20px;\">Ulo\u017ei\u0165<\/span><\/p>\n<p><span style=\"border-radius: 2px; text-indent: 20px; width: auto; padding: 0px 4px 0px 0px; text-align: center; font: bold 11px\/20px 'Helvetica Neue',Helvetica,sans-serif; color: #ffffff; background: #bd081c no-repeat scroll 3px 50% \/ 14px 14px; position: absolute; opacity: 1; z-index: 8675311; display: none; cursor: pointer; top: 327px; left: 20px;\">Ulo\u017ei\u0165<\/span><\/p>\n<p><span style=\"border-radius: 2px; text-indent: 20px; width: auto; padding: 0px 4px 0px 0px; text-align: center; font: bold 11px\/20px 'Helvetica Neue',Helvetica,sans-serif; color: #ffffff; background: #bd081c no-repeat scroll 3px 50% \/ 14px 14px; position: absolute; opacity: 1; z-index: 8675311; display: none; cursor: pointer; top: 327px; left: 20px;\">Ulo\u017ei\u0165<\/span><\/p>\n<p><span style=\"border-radius: 2px; text-indent: 20px; width: auto; padding: 0px 4px 0px 0px; text-align: center; font: bold 11px\/20px 'Helvetica Neue',Helvetica,sans-serif; color: #ffffff; background: #bd081c no-repeat scroll 3px 50% \/ 14px 14px; position: absolute; opacity: 1; z-index: 8675311; display: none; cursor: pointer; top: 192px; left: 29px;\">Ulo\u017ei\u0165<\/span><\/p>\n<p><span style=\"border-radius: 2px; text-indent: 20px; width: auto; padding: 0px 4px 0px 0px; text-align: center; font: bold 11px\/20px 'Helvetica Neue',Helvetica,sans-serif; color: #ffffff; background: #bd081c no-repeat scroll 3px 50% \/ 14px 14px; position: absolute; opacity: 1; z-index: 8675311; display: none; cursor: pointer; top: 184px; left: 205px;\">Ulo\u017ei\u0165<\/span><\/p>\n<p><span style=\"border-radius: 2px; text-indent: 20px; width: auto; padding: 0px 4px 0px 0px; text-align: center; font: bold 11px\/20px 'Helvetica Neue',Helvetica,sans-serif; color: #ffffff; background: #bd081c no-repeat scroll 3px 50% \/ 14px 14px; position: absolute; opacity: 1; z-index: 8675311; display: none; cursor: pointer; top: 183px; left: 20px;\">Ulo\u017ei\u0165<\/span><\/p>\n<p><span style=\"border-radius: 2px; text-indent: 20px; width: auto; padding: 0px 4px 0px 0px; text-align: center; font: bold 11px\/20px 'Helvetica Neue',Helvetica,sans-serif; color: #ffffff; background: #bd081c no-repeat scroll 3px 50% \/ 14px 14px; position: absolute; opacity: 1; z-index: 8675311; display: none; cursor: pointer; top: 183px; left: 20px;\">Ulo\u017ei\u0165<\/span><\/p>\n<p><span style=\"border-radius: 2px; text-indent: 20px; width: auto; padding: 0px 4px 0px 0px; text-align: center; font: bold 11px\/20px 'Helvetica Neue',Helvetica,sans-serif; color: #ffffff; background: #bd081c no-repeat scroll 3px 50% \/ 14px 14px; position: absolute; opacity: 1; z-index: 8675311; display: none; cursor: pointer; top: 183px; left: 20px;\">Ulo\u017ei\u0165<\/span><\/p>\n<p><span style=\"border-radius: 2px; text-indent: 20px; width: auto; padding: 0px 4px 0px 0px; text-align: center; font: bold 11px\/20px 'Helvetica Neue',Helvetica,sans-serif; color: #ffffff; background: #bd081c no-repeat scroll 3px 50% \/ 14px 14px; position: absolute; opacity: 1; z-index: 8675311; display: none; cursor: pointer; top: 157px; left: 20px;\">Ulo\u017ei\u0165<\/span><\/p>\n<p><span style=\"border-radius: 2px; text-indent: 20px; width: auto; padding: 0px 4px 0px 0px; text-align: center; font: bold 11px\/20px 'Helvetica Neue',Helvetica,sans-serif; color: #ffffff; background: #bd081c no-repeat scroll 3px 50% \/ 14px 14px; position: absolute; opacity: 1; z-index: 8675311; display: none; cursor: pointer; top: 328px; left: 20px;\">Ulo\u017ei\u0165<\/span><\/p>\n<p><span style=\"border-radius: 2px; text-indent: 20px; width: auto; padding: 0px 4px 0px 0px; text-align: center; font: bold 11px\/20px 'Helvetica Neue',Helvetica,sans-serif; color: #ffffff; background: #bd081c no-repeat scroll 3px 50% \/ 14px 14px; position: absolute; opacity: 1; z-index: 8675311; display: none; cursor: pointer; top: 225px; left: 195px;\">Ulo\u017ei\u0165<\/span><\/p>\n<p><span style=\"border-radius: 2px; text-indent: 20px; width: auto; padding: 0px 4px 0px 0px; text-align: center; font: bold 11px\/20px 'Helvetica Neue',Helvetica,sans-serif; color: #ffffff; background: #bd081c no-repeat scroll 3px 50% \/ 14px 14px; position: absolute; opacity: 1; z-index: 8675311; display: none; cursor: pointer; top: 234px; left: 29px;\">Ulo\u017ei\u0165<\/span><\/p>\n<p><span style=\"border-radius: 2px; text-indent: 20px; width: auto; padding: 0px 4px 0px 0px; text-align: center; font: bold 11px\/20px 'Helvetica Neue',Helvetica,sans-serif; color: #ffffff; background: #bd081c no-repeat scroll 3px 50% \/ 14px 14px; position: absolute; opacity: 1; z-index: 8675311; display: none; cursor: pointer; top: 227px; left: 190px;\">Ulo\u017ei\u0165<\/span><\/p>\n<p><span style=\"border-radius: 2px; text-indent: 20px; width: auto; padding: 0px 4px 0px 0px; text-align: center; font: bold 11px\/20px 'Helvetica Neue',Helvetica,sans-serif; color: #ffffff; background: #bd081c no-repeat scroll 3px 50% \/ 14px 14px; position: absolute; opacity: 1; z-index: 8675311; display: none; cursor: pointer; top: 89px; left: 20px;\">Ulo\u017ei\u0165<\/span><\/p>\n","protected":false},"excerpt":{"rendered":"<p>od roku 2021 zara\u010fujeme \u00famrtia kamar\u00e1tov do kalend\u00e1ra pod\u013ea jednotliv\u00fdch d\u00e1tumov star\u0161ie tu: Du\u0161an \u201eRingo\u201c Pavl\u00edk (19. 11. 1947 \u2013 3. 1. 2021) Opustil si n\u00e1s Ringo,\u00a0kamar\u00e1t, tramp, vod\u00e1k, muzikant, \u010dlen T.O. Tri pramene, \u010destn\u00fd \u010dlen T.O. Pohoda, zakladaj\u00faci \u010dlen kapely Pekaringo. Opustil si n\u00e1s r\u00e1no 3. janu\u00e1ra, ne\u010dakane. O to viac je to krut\u00e9. Bol\u00a0si mi viac ne\u017e kamar\u00e1t. viac v \u010dl\u00e1nku Peter &#8222;Pamp\u00fach&#8220; Zjavka (8 .4. 1956 &#8211; 2. 8 .2020) Ob\u010das tla\u010d\u00edme svoju \u017eivotn\u00fa k\u00e1ru po rovine, ob\u010das dolu brie\u017ekom, zv\u00e4\u010d\u0161a do kop\u010diska. Nikdy nevieme, ak\u00fd dlh\u00fd, \u010di strm\u00fd stup\u00e1k n\u00e1s \u010dak\u00e1. Kamar\u00e1t Pamp\u00fach z TO Game&#8230;<\/p>\n<p> <a class=\"continue-reading-link\" href=\"https:\/\/www.severka.online\/index.php\/aktuality\/na-poslednom-vandri\/\"><span>Pokra\u010dovanie \u010dl\u00e1nku<\/span><i class=\"crycon-right-dir\"><\/i><\/a> <\/p>\n","protected":false},"author":1,"featured_media":0,"parent":50,"menu_order":0,"comment_status":"closed","ping_status":"closed","template":"","meta":{"footnotes":""},"class_list":["post-804","page","type-page","status-publish","hentry"],"_links":{"self":[{"href":"https:\/\/www.severka.online\/index.php\/wp-json\/wp\/v2\/pages\/804","targetHints":{"allow":["GET"]}}],"collection":[{"href":"https:\/\/www.severka.online\/index.php\/wp-json\/wp\/v2\/pages"}],"about":[{"href":"https:\/\/www.severka.online\/index.php\/wp-json\/wp\/v2\/types\/page"}],"author":[{"embeddable":true,"href":"https:\/\/www.severka.online\/index.php\/wp-json\/wp\/v2\/users\/1"}],"replies":[{"embeddable":true,"href":"https:\/\/www.severka.online\/index.php\/wp-json\/wp\/v2\/comments?post=804"}],"version-history":[{"count":64,"href":"https:\/\/www.severka.online\/index.php\/wp-json\/wp\/v2\/pages\/804\/revisions"}],"predecessor-version":[{"id":818,"href":"https:\/\/www.severka.online\/index.php\/wp-json\/wp\/v2\/pages\/804\/revisions\/818"}],"up":[{"embeddable":true,"href":"https:\/\/www.severka.online\/index.php\/wp-json\/wp\/v2\/pages\/50"}],"wp:attachment":[{"href":"https:\/\/www.severka.online\/index.php\/wp-json\/wp\/v2\/media?parent=804"}],"curies":[{"name":"wp","href":"https:\/\/api.w.org\/{rel}","templated":true}]}}